{"id":1777,"date":"2025-06-03T12:56:17","date_gmt":"2025-06-03T10:56:17","guid":{"rendered":"https:\/\/prueba.esclerosismultiplegalicia.org\/?page_id=1777"},"modified":"2025-10-14T14:38:28","modified_gmt":"2025-10-14T12:38:28","slug":"em-en-cifras","status":"publish","type":"page","link":"https:\/\/esclerosismultiplegalicia.org\/index.php\/em-en-cifras\/","title":{"rendered":"EM en cifras"},"content":{"rendered":"\t\t<div data-elementor-type=\"wp-page\" data-elementor-id=\"1777\" class=\"elementor elementor-1777\" data-elementor-post-type=\"page\">\n\t\t\t\t<div class=\"elementor-element elementor-element-1aed2f6 e-flex e-con-boxed e-con e-parent\" data-id=\"1aed2f6\" data-element_type=\"container\" data-settings=\"{&quot;background_background&quot;:&quot;classic&quot;}\">\n\t\t\t\t\t<div class=\"e-con-inner\">\n\t\t\t\t<div class=\"elementor-element elementor-element-b34e8ce elementor-widget elementor-widget-spacer\" data-id=\"b34e8ce\" data-element_type=\"widget\" data-widget_type=\"spacer.default\">\n\t\t\t\t<div class=\"elementor-widget-container\">\n\t\t\t\t\t\t\t<div class=\"elementor-spacer\">\n\t\t\t<div class=\"elementor-spacer-inner\"><\/div>\n\t\t<\/div>\n\t\t\t\t\t\t<\/div>\n\t\t\t\t<\/div>\n\t\t\t\t<div class=\"elementor-element elementor-element-8c49276 elementor-widget elementor-widget-heading\" data-id=\"8c49276\" data-element_type=\"widget\" data-widget_type=\"heading.default\">\n\t\t\t\t<div class=\"elementor-widget-container\">\n\t\t\t\t\t<h1 class=\"elementor-heading-title elementor-size-default\">EM en cifras<\/h1>\t\t\t\t<\/div>\n\t\t\t\t<\/div>\n\t\t\t\t<div class=\"elementor-element elementor-element-00e486c elementor-widget elementor-widget-heading\" data-id=\"00e486c\" data-element_type=\"widget\" data-widget_type=\"heading.default\">\n\t\t\t\t<div class=\"elementor-widget-container\">\n\t\t\t\t\t<h3 class=\"elementor-heading-title elementor-size-default\">Aportamos algunhas cifras importantes relacionadas coa Esclerose M\u00faltiple en Galicia, en Espa\u00f1a, en Europa e no mundo.<\/h3>\t\t\t\t<\/div>\n\t\t\t\t<\/div>\n\t\t\t\t<div class=\"elementor-element elementor-element-0f63a99 elementor-widget elementor-widget-spacer\" data-id=\"0f63a99\" data-element_type=\"widget\" data-widget_type=\"spacer.default\">\n\t\t\t\t<div class=\"elementor-widget-container\">\n\t\t\t\t\t\t\t<div class=\"elementor-spacer\">\n\t\t\t<div class=\"elementor-spacer-inner\"><\/div>\n\t\t<\/div>\n\t\t\t\t\t\t<\/div>\n\t\t\t\t<\/div>\n\t\t\t\t\t<\/div>\n\t\t\t\t<\/div>\n\t\t<div class=\"elementor-element elementor-element-224c7aa e-flex e-con-boxed e-con e-parent\" data-id=\"224c7aa\" data-element_type=\"container\">\n\t\t\t\t\t<div class=\"e-con-inner\">\n\t\t\t\t<div class=\"elementor-element elementor-element-094fc1a elementor-widget elementor-widget-spacer\" data-id=\"094fc1a\" data-element_type=\"widget\" data-widget_type=\"spacer.default\">\n\t\t\t\t<div class=\"elementor-widget-container\">\n\t\t\t\t\t\t\t<div class=\"elementor-spacer\">\n\t\t\t<div class=\"elementor-spacer-inner\"><\/div>\n\t\t<\/div>\n\t\t\t\t\t\t<\/div>\n\t\t\t\t<\/div>\n\t\t\t\t<div class=\"elementor-element elementor-element-b19109f e-n-tabs-mobile elementor-widget elementor-widget-n-tabs\" data-id=\"b19109f\" data-element_type=\"widget\" data-settings=\"{&quot;horizontal_scroll&quot;:&quot;disable&quot;}\" data-widget_type=\"nested-tabs.default\">\n\t\t\t\t<div class=\"elementor-widget-container\">\n\t\t\t\t\t\t\t<div class=\"e-n-tabs\" data-widget-number=\"186192031\" aria-label=\"Pestanas. Abrir elementos con Enter ou Espazo, pechar con Escape e navegar usando as teclas de frecha.\">\n\t\t\t<div class=\"e-n-tabs-heading\" role=\"tablist\">\n\t\t\t\t\t<button id=\"e-n-tab-title-1861920311\" class=\"e-n-tab-title\" aria-selected=\"true\" data-tab-index=\"1\" role=\"tab\" tabindex=\"0\" aria-controls=\"e-n-tab-content-1861920311\" style=\"--n-tabs-title-order: 1;\">\n\t\t\t\t\t\t<span class=\"e-n-tab-title-text\">\n\t\t\t\tDatos xerais\t\t\t<\/span>\n\t\t<\/button>\n\t\t\t\t<button id=\"e-n-tab-title-1861920312\" class=\"e-n-tab-title\" aria-selected=\"false\" data-tab-index=\"2\" role=\"tab\" tabindex=\"-1\" aria-controls=\"e-n-tab-content-1861920312\" style=\"--n-tabs-title-order: 2;\">\n\t\t\t\t\t\t<span class=\"e-n-tab-title-text\">\n\t\t\t\tNivel mundial\t\t\t<\/span>\n\t\t<\/button>\n\t\t\t\t<button id=\"e-n-tab-title-1861920313\" class=\"e-n-tab-title\" aria-selected=\"false\" data-tab-index=\"3\" role=\"tab\" tabindex=\"-1\" aria-controls=\"e-n-tab-content-1861920313\" style=\"--n-tabs-title-order: 3;\">\n\t\t\t\t\t\t<span class=\"e-n-tab-title-text\">\n\t\t\t\tNivel europeo\t\t\t<\/span>\n\t\t<\/button>\n\t\t\t\t<button id=\"e-n-tab-title-1861920314\" class=\"e-n-tab-title\" aria-selected=\"false\" data-tab-index=\"4\" role=\"tab\" tabindex=\"-1\" aria-controls=\"e-n-tab-content-1861920314\" style=\"--n-tabs-title-order: 4;\">\n\t\t\t\t\t\t<span class=\"e-n-tab-title-text\">\n\t\t\t\tNivel espa\u00f1ol\t\t\t<\/span>\n\t\t<\/button>\n\t\t\t\t<button id=\"e-n-tab-title-1861920315\" class=\"e-n-tab-title\" aria-selected=\"false\" data-tab-index=\"5\" role=\"tab\" tabindex=\"-1\" aria-controls=\"e-n-tab-content-1861920315\" style=\"--n-tabs-title-order: 5;\">\n\t\t\t\t\t\t<span class=\"e-n-tab-title-text\">\n\t\t\t\tNivel galego\t\t\t<\/span>\n\t\t<\/button>\n\t\t\t\t\t<\/div>\n\t\t\t<div class=\"e-n-tabs-content\">\n\t\t\t\t<div id=\"e-n-tab-content-1861920311\" role=\"tabpanel\" aria-labelledby=\"e-n-tab-title-1861920311\" data-tab-index=\"1\" style=\"--n-tabs-title-order: 1;\" class=\"e-active elementor-element elementor-element-351ec36 e-flex e-con-boxed e-con e-child\" data-id=\"351ec36\" data-element_type=\"container\">\n\t\t\t\t\t<div class=\"e-con-inner\">\n\t\t<div class=\"elementor-element elementor-element-6d44001 e-flex e-con-boxed e-con e-child\" data-id=\"6d44001\" data-element_type=\"container\">\n\t\t\t\t\t<div class=\"e-con-inner\">\n\t\t\t\t<div class=\"elementor-element elementor-element-7b2ad47 elementor-widget elementor-widget-text-editor\" data-id=\"7b2ad47\" data-element_type=\"widget\" data-widget_type=\"text-editor.default\">\n\t\t\t\t<div class=\"elementor-widget-container\">\n\t\t\t\t\t\t\t\t\t<p>A EM \u00e9 unha enfermidade neuroinflamatoria cr\u00f3nica e desmielinizante que constit\u00fae <strong>unha das principais causas de discapacidade en persoas adultas e novas<\/strong>. Non \u00e9 unha enfermidade hereditaria, pero si ten compo\u00f1entes xen\u00e9ticos. Diversos estudos mostran que se trata dunha enfermidade complexa na que interact\u00faan <strong>moitos factores<\/strong>, como a xen\u00e9tica, o sexo, a contorna e a xeograf\u00eda.<\/p>\t\t\t\t\t\t\t\t<\/div>\n\t\t\t\t<\/div>\n\t\t\t\t<div class=\"elementor-element elementor-element-8c8398e elementor-widget elementor-widget-heading\" data-id=\"8c8398e\" data-element_type=\"widget\" data-widget_type=\"heading.default\">\n\t\t\t\t<div class=\"elementor-widget-container\">\n\t\t\t\t\t<h4 class=\"elementor-heading-title elementor-size-default\">Tendencia crecente<\/h4>\t\t\t\t<\/div>\n\t\t\t\t<\/div>\n\t\t\t\t<div class=\"elementor-element elementor-element-ef50248 elementor-widget elementor-widget-text-editor\" data-id=\"ef50248\" data-element_type=\"widget\" data-widget_type=\"text-editor.default\">\n\t\t\t\t<div class=\"elementor-widget-container\">\n\t\t\t\t\t\t\t\t\t<p>Nas \u00faltimas tres d\u00e9cadas, a <strong>prevalencia global da EM aumentou. <\/strong>Est\u00edmase, segundo <a href=\"https:\/\/www.rarediseaseadvisor.com\/disease-info-pages\/multiple-sclerosis-epidemiology\/\">Rare Disease Advisor<\/a>, que entre 1990 e 2016 a taxa de prevalencia <strong>aumentou nun 95%<\/strong>. Os <a href=\"https:\/\/www.rarediseaseadvisor.com\/disease-info-pages\/multiple-sclerosis-epidemiology\/\">rexistros por pa\u00eds<\/a> mostran que, nalg\u00fans pa\u00edses, os casos duplic\u00e1ronse dende o 2013. Este aumento no n\u00famero de casos puido producirse por varios factores, como a existencia de <strong>mellores m\u00e9todos de reconto<\/strong> a nivel nacional e mundial, ademais de perfeccionar o <strong>diagn\u00f3stico<\/strong>, aumentar a poboaci\u00f3n mundial e mellorar a esperanza de vida das persoas con EM grazas aos tratamentos.\u00a0<\/p><p>Non obstante, a nivel global <strong>non hai indicios dunha tendencia cara un diagn\u00f3stico m\u00e1is precoz<\/strong>. No 2013, a idade media de diagn\u00f3stico era entre 20 e 44 anos. No 2020, a idade era entre 20 e 50 anos.\u00a0<\/p>\t\t\t\t\t\t\t\t<\/div>\n\t\t\t\t<\/div>\n\t\t\t\t\t<\/div>\n\t\t\t\t<\/div>\n\t\t\t\t<div class=\"elementor-element elementor-element-92332e3 elementor-widget elementor-widget-heading\" data-id=\"92332e3\" data-element_type=\"widget\" data-widget_type=\"heading.default\">\n\t\t\t\t<div class=\"elementor-widget-container\">\n\t\t\t\t\t<h4 class=\"elementor-heading-title elementor-size-default\">Perf\u00eds demogr\u00e1ficos e grupos de risco<\/h4>\t\t\t\t<\/div>\n\t\t\t\t<\/div>\n\t\t\t\t<div class=\"elementor-element elementor-element-2e7c402 elementor-widget elementor-widget-text-editor\" data-id=\"2e7c402\" data-element_type=\"widget\" data-widget_type=\"text-editor.default\">\n\t\t\t\t<div class=\"elementor-widget-container\">\n\t\t\t\t\t\t\t\t\t<p>A EM diagnost\u00edcase habitualmente entre os<strong> 20 e os 40 anos<\/strong>, afectando sobre todo a <strong>mulleres<\/strong>. De feito, d\u00faas de cada tres persoas diagnosticadas son mulleres. Non se co\u00f1ece claramente a <strong>orixe<\/strong> desta realidade, pero segundo <a href=\"https:\/\/www.rarediseaseadvisor.com\/disease-info-pages\/multiple-sclerosis-epidemiology\/\">Rare Disease Advisor<\/a> pode asociarse con factores ambientais como os cambios de h\u00e1bitos de fumar entre as mulleres, o uso de anticonceptivos orais&#8230;\u00a0<\/p><p>Por outra banda, segundo a <a href=\"https:\/\/atlasofms.org\/map\/global\/epidemiology\/number-of-children-with-ms\">MS International Federation<\/a>, est\u00edmase que hai <strong>uns 30.000 nenos, nenas e adolescentes diagnosticadas<\/strong> con EM no mundo, cunha prevalencia de 1,49 casos por cada 100.000 habitantes. Isto sit\u00faa a <strong>Esclerose M\u00faltiple pedi\u00e1trica como unha enfermidade rara<\/strong>. Sobre os tipos de EM, de cada 100 persoas, 85 te\u00f1en a forma remitente, 12 a progresiva e 3 formas menos frecuentes.<\/p><p>En canto aos<strong> factores de risco<\/strong> de desenvolver EM son a idade, o haplotipo HLA, o sexo feminino, os antecedentes familiares, as infecci\u00f3ns por virus como o Epstein-Barr, a ascendencia cauc\u00e1sica, o clima temperado, a deficiencia de vitamina D, outras enfermidades autoinmunes, o tabaquismo&#8230;<\/p>\t\t\t\t\t\t\t\t<\/div>\n\t\t\t\t<\/div>\n\t\t\t\t\t<\/div>\n\t\t\t\t<\/div>\n\t\t<div id=\"e-n-tab-content-1861920312\" role=\"tabpanel\" aria-labelledby=\"e-n-tab-title-1861920312\" data-tab-index=\"2\" style=\"--n-tabs-title-order: 2;\" class=\" elementor-element elementor-element-66404c7 e-flex e-con-boxed e-con e-child\" data-id=\"66404c7\" data-element_type=\"container\">\n\t\t\t\t\t<div class=\"e-con-inner\">\n\t\t<div class=\"elementor-element elementor-element-28fe426 e-flex e-con-boxed e-con e-child\" data-id=\"28fe426\" data-element_type=\"container\">\n\t\t\t\t\t<div class=\"e-con-inner\">\n\t\t\t\t<div class=\"elementor-element elementor-element-af2ac7c elementor-widget elementor-widget-text-editor\" data-id=\"af2ac7c\" data-element_type=\"widget\" data-widget_type=\"text-editor.default\">\n\t\t\t\t<div class=\"elementor-widget-container\">\n\t\t\t\t\t\t\t\t\t<p>Segundo a 3\u00aa edici\u00f3n do <a href=\"https:\/\/atlasofms.org\/map\/global\/epidemiology\/number-of-people-with-ms\">Atlas de EM<\/a>, no 2023 hab\u00eda aproximadamente<strong> 2,9 mill\u00f3ns de persoas con EM<\/strong> no mundo, fronte aos 2,8 mill\u00f3ns no 2020.\u00a0<\/p><p>A prevalencia global \u00e9 de <strong>36 casos por cada 100.000 habitantes.<\/strong><\/p><p>Segundo o <a href=\"https:\/\/atlasofms.org\/map\/global\/epidemiology\/number-of-people-with-ms\">Atlas<\/a>, cada d\u00eda diagnost\u00edcase un caso cada 5 minutos (\u00e9 dicir, m\u00e1is de <strong>250 casos novos cada d\u00eda<\/strong>) a nivel mundial.<\/p><p>A idade media de diagn\u00f3stico a nivel mundial \u00e9<strong> arredor dos 30 anos<\/strong>. Hai unha baixa incidencia na<strong> infancia e adolescencia de s\u00f3 entre o 2% e o 5%<\/strong> dos casos totais, igual que s\u00f3 entre o <strong>5% e o 10% dos casos son diagn\u00f3sticos tard\u00edos<\/strong>, asociados normalmente a formas progresivas.<\/p><p>Sobre os tipos de EM, arredor dun <strong>80% son EMRR<\/strong>, sobre o 10% EMSP e sobre o 10% EMPP.\u00a0<\/p>\t\t\t\t\t\t\t\t<\/div>\n\t\t\t\t<\/div>\n\t\t<div class=\"elementor-element elementor-element-a7c7239 e-con-full e-flex e-con e-child\" data-id=\"a7c7239\" data-element_type=\"container\">\n\t\t<div class=\"elementor-element elementor-element-1829c42 e-grid e-con-full e-con e-child\" data-id=\"1829c42\" data-element_type=\"container\">\n\t\t\t\t<div class=\"elementor-element elementor-element-6c87317 elementor-widget elementor-widget-eael-progress-bar\" data-id=\"6c87317\" data-element_type=\"widget\" data-widget_type=\"eael-progress-bar.default\">\n\t\t\t\t<div class=\"elementor-widget-container\">\n\t\t\t\t\t<div class=\"eael-progressbar-circle-container center\">\n                \n            \n                <div class=\"eael-progressbar eael-progressbar-circle\" data-layout=\"circle\" data-count=\"80\" data-duration=\"1500\">\n                    <div class=\"eael-progressbar-circle-pie\">\n                        <div class=\"eael-progressbar-circle-half-left eael-progressbar-circle-half\"><\/div>\n                        <div class=\"eael-progressbar-circle-half-right eael-progressbar-circle-half\"><\/div>\n                    <\/div>\n                    <div class=\"eael-progressbar-circle-inner\"><\/div>\n                    <div class=\"eael-progressbar-circle-inner-content\">\n                        <div class=\"eael-progressbar-title\">Casos de EMRR<\/div>\n                        <span class=\"eael-progressbar-count-wrap\"><span class=\"eael-progressbar-count\">0<\/span><span class=\"postfix\">%<\/span><\/span>\n                    <\/div>\n                <\/div>\n\n                \n            <\/div>\t\t\t\t<\/div>\n\t\t\t\t<\/div>\n\t\t\t\t<div class=\"elementor-element elementor-element-c955190 elementor-widget elementor-widget-html\" data-id=\"c955190\" data-element_type=\"widget\" data-widget_type=\"html.default\">\n\t\t\t\t<div class=\"elementor-widget-container\">\n\t\t\t\t\t<canvas id=\"emChartHoverTooltip\" width=\"600\" height=\"400\"><\/canvas>\r\n<script src=\"https:\/\/cdn.jsdelivr.net\/npm\/chart.js\"><\/script>\r\n<script>\r\nconst ctx = document.getElementById('emChartHoverTooltip').getContext('2d');\r\n\r\n\/\/ Datos\r\nconst labels = ['2008', '2013', '2020', '2023'];\r\nconst dataValues = [1.3, 2.3, 2.8, 2.9];\r\nconst baseColors = ['#2a4e69', '#c5d0e2', '#2a4e69', '#c5d0e2'];\r\n\r\nconst emChartHoverTooltip = new Chart(ctx, {\r\n    type: 'bar',\r\n    data: {\r\n        labels: labels,\r\n        datasets: [{\r\n            label: 'Mill\u00f3ns de persoas con EM',\r\n            data: dataValues,\r\n            backgroundColor: baseColors,\r\n            borderColor: '#2a4e69',\r\n            borderWidth: 1\r\n        }]\r\n    },\r\n    options: {\r\n        plugins: {\r\n            title: {\r\n                display: true,\r\n                text: 'N\u00famero de persoas con EM no mundo',\r\n                font: {\r\n                    size: 16,\r\n                    family: 'Roboto'\r\n                }\r\n            },\r\n            legend: { display: false },\r\n            tooltip: {\r\n                enabled: true,\r\n                callbacks: {\r\n                    label: function(context) {\r\n                        return context.dataset.data[context.dataIndex] + ' mill\u00f3ns';\r\n                    }\r\n                }\r\n            }\r\n        },\r\n        scales: {\r\n            y: {\r\n                beginAtZero: true,\r\n                title: {\r\n                    display: true,\r\n                    text: 'Mill\u00f3ns de persoas',\r\n                    font: { size: 14, family: 'Roboto' }\r\n                },\r\n                ticks: { font: { size: 14, family: 'Roboto' } }\r\n            },\r\n            x: {\r\n                ticks: { font: { size: 14, family: 'Roboto' } }\r\n            }\r\n        },\r\n        interaction: { mode: 'nearest', axis: 'x', intersect: true },\r\n        onHover: (event, chartElement) => {\r\n            const chart = emChartHoverTooltip;\r\n            if (chartElement.length) {\r\n                const index = chartElement[0].index;\r\n                chart.data.datasets[0].backgroundColor = baseColors.map((color, i) => i === index ? color : '#d1d1d1');\r\n            } else {\r\n                chart.data.datasets[0].backgroundColor = baseColors;\r\n            }\r\n            chart.update('none');\r\n        }\r\n    }\r\n});\r\n<\/script>\r\n\t\t\t\t<\/div>\n\t\t\t\t<\/div>\n\t\t\t\t<\/div>\n\t\t\t\t<\/div>\n\t\t\t\t\t<\/div>\n\t\t\t\t<\/div>\n\t\t\t\t<div class=\"elementor-element elementor-element-2eef6ec elementor-widget elementor-widget-heading\" data-id=\"2eef6ec\" data-element_type=\"widget\" data-widget_type=\"heading.default\">\n\t\t\t\t<div class=\"elementor-widget-container\">\n\t\t\t\t\t<h4 class=\"elementor-heading-title elementor-size-default\">Variaci\u00f3ns internacionais<\/h4>\t\t\t\t<\/div>\n\t\t\t\t<\/div>\n\t\t\t\t<div class=\"elementor-element elementor-element-995e9ff elementor-widget elementor-widget-text-editor\" data-id=\"995e9ff\" data-element_type=\"widget\" data-widget_type=\"text-editor.default\">\n\t\t\t\t<div class=\"elementor-widget-container\">\n\t\t\t\t\t\t\t\t\t<p>No ano <strong>2020<\/strong>, os pa\u00edses con maior prevalencia de EM eran os seguintes:<\/p><ul><li><strong>Dinamarca<\/strong>: 301 casos por 100.000 habitantes.<\/li><li><strong>Alema\u00f1a<\/strong>: 300 casos por 100.000 habitantes.<\/li><li><strong>Canad\u00e1<\/strong>: 290 casos por 100.000 habitantes.<\/li><li><strong>Estados Unidos<\/strong>: 288 casos por 100.000 habitantes.<\/li><li><strong>Noruega<\/strong>: 255 casos por 100.000 habitantes.<\/li><li><strong>Finlandia<\/strong>: 219 casos por 100.000 habitantes.<\/li><li><strong>Italia e Suecia<\/strong>: 215 casos por 100.000 habitantes.<\/li><li><strong>Islandia<\/strong>: 212 casos por 100.000 habitantes.<\/li><\/ul><p>Polo xeral, as maiores prevalencias danse nos pa\u00edses que se atopan en <strong>latitudes m\u00e1is afastadas do ecuador<\/strong>. As zonas con m\u00e1is prevalencia son Am\u00e9rica do Norte, norte de Europa e Australasia. As zonas intermedias son o sur de Europa e partes de Sudam\u00e9rica. E as zonas con prevalencias baixas son Asia, \u00c1frica e as rexi\u00f3ns ecuatoriais e tropicais. Este incremento da prevalencia reportada pode deberse en parte \u00e1s <strong>melloras diagn\u00f3sticas<\/strong>, a un<strong> maior acceso aos especialistas<\/strong> e a <strong>terapias m\u00e1is efectivas<\/strong>.<\/p>\t\t\t\t\t\t\t\t<\/div>\n\t\t\t\t<\/div>\n\t\t\t\t\t<\/div>\n\t\t\t\t<\/div>\n\t\t<div id=\"e-n-tab-content-1861920313\" role=\"tabpanel\" aria-labelledby=\"e-n-tab-title-1861920313\" data-tab-index=\"3\" style=\"--n-tabs-title-order: 3;\" class=\" elementor-element elementor-element-79c7755 e-flex e-con-boxed e-con e-child\" data-id=\"79c7755\" data-element_type=\"container\">\n\t\t\t\t\t<div class=\"e-con-inner\">\n\t\t<div class=\"elementor-element elementor-element-7c419f7 e-flex e-con-boxed e-con e-child\" data-id=\"7c419f7\" data-element_type=\"container\">\n\t\t\t\t\t<div class=\"e-con-inner\">\n\t\t\t\t<div class=\"elementor-element elementor-element-ae328c7 elementor-widget elementor-widget-text-editor\" data-id=\"ae328c7\" data-element_type=\"widget\" data-widget_type=\"text-editor.default\">\n\t\t\t\t<div class=\"elementor-widget-container\">\n\t\t\t\t\t\t\t\t\t<ul><li>Europa presenta unha das taxas de prevalencia m\u00e1is elevadas do mundo, con <strong>143 casos por cada 100.000 habitantes.<\/strong><\/li><li>En Europa hai arredor de <strong>1,2 mill\u00f3ns persoas diagnosticadas<\/strong> de EM, \u00e9 dicir, un 41,4% dos casos mundiais est\u00e1n en Europa.<\/li><li>A idade media do diagn\u00f3stico en Europa \u00e9 entre os <strong>30 e os 35 anos<\/strong>.<\/li><li>En canto aos tipos de EM, en Europa o <strong>80% dos casos son de EMRR<\/strong>, sobre o 10% son EMSP no momento do diagn\u00f3stico, e arredor do 10% EMPP.\u00a0<\/li><li>As rexi\u00f3ns m\u00e1is pr\u00f3ximas ao Mediterr\u00e1neo presentan taxas m\u00e1is baixas e <strong>a EM \u00e9 m\u00e1is frecuente en persoas con ascendencia europea do norte<\/strong>. Esta elevada prevalencia pode deberse tam\u00e9n a factores como <strong>mellores diagn\u00f3sticos<\/strong>, <strong>tratamentos m\u00e1is temper\u00e1ns<\/strong> e<strong> avances nos rexistros<\/strong> que melloran a detecci\u00f3n e a lonxevidade.<\/li><\/ul>\t\t\t\t\t\t\t\t<\/div>\n\t\t\t\t<\/div>\n\t\t\t\t\t<\/div>\n\t\t\t\t<\/div>\n\t\t\t\t\t<\/div>\n\t\t\t\t<\/div>\n\t\t<div id=\"e-n-tab-content-1861920314\" role=\"tabpanel\" aria-labelledby=\"e-n-tab-title-1861920314\" data-tab-index=\"4\" style=\"--n-tabs-title-order: 4;\" class=\" elementor-element elementor-element-a863c96 e-flex e-con-boxed e-con e-child\" data-id=\"a863c96\" data-element_type=\"container\">\n\t\t\t\t\t<div class=\"e-con-inner\">\n\t\t<div class=\"elementor-element elementor-element-7290a5d e-flex e-con-boxed e-con e-child\" data-id=\"7290a5d\" data-element_type=\"container\">\n\t\t\t\t\t<div class=\"e-con-inner\">\n\t\t\t\t<div class=\"elementor-element elementor-element-8b4a279 elementor-widget elementor-widget-text-editor\" data-id=\"8b4a279\" data-element_type=\"widget\" data-widget_type=\"text-editor.default\">\n\t\t\t\t<div class=\"elementor-widget-container\">\n\t\t\t\t\t\t\t\t\t<ul><li>Na actualidade, en Espa\u00f1a hai unhas <strong>68.000 persoas diagnosticadas<\/strong>, en contraste coas 12.100 rexistradas no 2011.<\/li><li>Cada ano diagnost\u00edcanse preto de <strong>3.000 novos casos<\/strong>.<\/li><li>A prevalencia \u00e9 de <strong>130 casos por cada 100.000 habitantes.<\/strong><\/li><li>Nos \u00faltimos 5 anos, o n\u00famero de persoas con EM <strong>medrou preto dun 20%<\/strong>, o que se pode atribuir a un mellor diagn\u00f3stico e a unha maior supervivencia polo \u00e9xito das terapias.<\/li><li>A idade media de disgn\u00f3stico en Espa\u00f1a rolda os <strong>32 anos<\/strong>, e a maior\u00eda dos novos casos diagnost\u00edcanse a persoas <strong>entre 20 e 40 anos<\/strong>. S\u00f3 arredor do 5% dos casos comezan antes dos 18 anos ou despois dos 50.\u00a0<\/li><li>En canto aos tipos de EM, o<strong> 85% dos casos iniciais son EMRR<\/strong>. Entre o 30% e o 50% das persoas con EMRR desenvolver\u00e1n <strong>EMSP<\/strong> tras 10 ou 20 anos despois do diagn\u00f3stico. A EMPP representa entre o 10% e o 15% dos casos.<\/li><\/ul>\t\t\t\t\t\t\t\t<\/div>\n\t\t\t\t<\/div>\n\t\t<div class=\"elementor-element elementor-element-8a3cd84 e-flex e-con-boxed e-con e-child\" data-id=\"8a3cd84\" data-element_type=\"container\">\n\t\t\t\t\t<div class=\"e-con-inner\">\n\t\t<div class=\"elementor-element elementor-element-bd928dc e-grid e-con-boxed e-con e-child\" data-id=\"bd928dc\" data-element_type=\"container\">\n\t\t\t\t\t<div class=\"e-con-inner\">\n\t\t\t\t<div class=\"elementor-element elementor-element-f83dc2e elementor-widget elementor-widget-counter\" data-id=\"f83dc2e\" data-element_type=\"widget\" data-widget_type=\"counter.default\">\n\t\t\t\t<div class=\"elementor-widget-container\">\n\t\t\t\t\t\t\t<div class=\"elementor-counter\">\n\t\t\t<div class=\"elementor-counter-title\">Novos casos cada ano en Espa\u00f1a<\/div>\t\t\t<div class=\"elementor-counter-number-wrapper\">\n\t\t\t\t<span class=\"elementor-counter-number-prefix\"><\/span>\n\t\t\t\t<span class=\"elementor-counter-number\" data-duration=\"1000\" data-to-value=\"3000\" data-from-value=\"0\" data-delimiter=\".\">0<\/span>\n\t\t\t\t<span class=\"elementor-counter-number-suffix\"><\/span>\n\t\t\t<\/div>\n\t\t<\/div>\n\t\t\t\t\t\t<\/div>\n\t\t\t\t<\/div>\n\t\t\t\t<div class=\"elementor-element elementor-element-057d4cb elementor-blockquote--skin-border elementor-widget elementor-widget-blockquote\" data-id=\"057d4cb\" data-element_type=\"widget\" data-widget_type=\"blockquote.default\">\n\t\t\t\t<div class=\"elementor-widget-container\">\n\t\t\t\t\t\t\t<blockquote class=\"elementor-blockquote\">\n\t\t\t<p class=\"elementor-blockquote__content\">\n\t\t\t\tEn canto a controlar a enfermidade estamos bastante preto, \u00e9 posible que nunha d\u00e9cada cheguemos a unha pr\u00e1ctica parada da progresi\u00f3n da discapacidade na maior\u00eda de persoas con EM.\t\t\t<\/p>\n\t\t\t\t\t\t\t<div class=\"e-q-footer\">\n\t\t\t\t\t\t\t\t\t\t\t<cite class=\"elementor-blockquote__author\">Xavier Montalb\u00e1n, xefe de Neurolox\u00eda do Hospital Universitario Vall d\u2019Hebron e xefe do Cemcat en Barcelona<\/cite>\n\t\t\t\t\t\t\t\t\t\t\t\t\t\t<\/div>\n\t\t\t\t\t<\/blockquote>\n\t\t\t\t\t\t<\/div>\n\t\t\t\t<\/div>\n\t\t\t\t\t<\/div>\n\t\t\t\t<\/div>\n\t\t\t\t\t<\/div>\n\t\t\t\t<\/div>\n\t\t\t\t<div class=\"elementor-element elementor-element-a301d32 elementor-widget elementor-widget-heading\" data-id=\"a301d32\" data-element_type=\"widget\" data-widget_type=\"heading.default\">\n\t\t\t\t<div class=\"elementor-widget-container\">\n\t\t\t\t\t<h4 class=\"elementor-heading-title elementor-size-default\">Variaci\u00f3ns xeogr\u00e1ficas<\/h4>\t\t\t\t<\/div>\n\t\t\t\t<\/div>\n\t\t\t\t<div class=\"elementor-element elementor-element-eb86b4e elementor-widget elementor-widget-text-editor\" data-id=\"eb86b4e\" data-element_type=\"widget\" data-widget_type=\"text-editor.default\">\n\t\t\t\t<div class=\"elementor-widget-container\">\n\t\t\t\t\t\t\t\t\t<p>En Espa\u00f1a hai unha<strong> variaci\u00f3n norte-sur ben clara<\/strong>. As taxas m\u00e1is altas sit\u00faanse no norte da pen\u00ednsula e as m\u00e1is baixas no sur. Isto pode ter que ver coa situaci\u00f3n xeogr\u00e1fica m\u00e1is lonxe do ecuador, pero tam\u00e9n coa <strong>capacidade diagn\u00f3stica e a concentraci\u00f3n de unidades de referencia<\/strong> en cada comunidade.<\/p><p>As seguintes son as comunidades con prevalencias <strong>m\u00e1is altas<\/strong>:<\/p><ul><li><strong>Asturias<\/strong>: 149,6 por cada 100.000 homes. 229,5 por cada 100.000 mulleres.<\/li><li><strong>Madrid<\/strong>: 127,8 por cada 100.000 homes. 230,1 por cada 100.000 mulleres.<\/li><li><strong>Galicia<\/strong>: 115,7 por cada 100.000 homes. 205,1 por cada 100.000 mulleres.<\/li><li><strong>Castela e Le\u00f3n<\/strong>: 104,9 por cada 100.000 homes. 247,1 por cada 100.000 mulleres.<\/li><li><strong>Arag\u00f3n<\/strong>: 98,5 por cada 100.000 homes. 193,5 por cada 100.000 mulleres.<\/li><\/ul><p>As zonas con <strong>menos prevalencia<\/strong> son:<\/p><ul><li><strong>Castela-A Mancha<\/strong>: 29,3 por cada 100.000 homes. 88,9 por cada 100.000 mulleres.<\/li><li><strong>Extremadura<\/strong>: 49,6 por cada 100.000 homes. 135,1 por cada 100.000 mulleres.<\/li><li><strong>Baleares<\/strong>: 49,7 por cada 100.000 homes. 134,5 por cada 100.000 mulleres.<\/li><li><strong>Pa\u00eds Vasco<\/strong>: 62,3 por cada 100.000 homes. 143,1 por cada 100.000 mulleres.<\/li><\/ul>\t\t\t\t\t\t\t\t<\/div>\n\t\t\t\t<\/div>\n\t\t\t\t\t<\/div>\n\t\t\t\t<\/div>\n\t\t\t\t\t<\/div>\n\t\t\t\t<\/div>\n\t\t<div id=\"e-n-tab-content-1861920315\" role=\"tabpanel\" aria-labelledby=\"e-n-tab-title-1861920315\" data-tab-index=\"5\" style=\"--n-tabs-title-order: 5;\" class=\" elementor-element elementor-element-17be0af e-flex e-con-boxed e-con e-child\" data-id=\"17be0af\" data-element_type=\"container\">\n\t\t\t\t\t<div class=\"e-con-inner\">\n\t\t<div class=\"elementor-element elementor-element-3a13750 e-flex e-con-boxed e-con e-child\" data-id=\"3a13750\" data-element_type=\"container\">\n\t\t\t\t\t<div class=\"e-con-inner\">\n\t\t\t\t<div class=\"elementor-element elementor-element-796b238 elementor-widget elementor-widget-text-editor\" data-id=\"796b238\" data-element_type=\"widget\" data-widget_type=\"text-editor.default\">\n\t\t\t\t<div class=\"elementor-widget-container\">\n\t\t\t\t\t\t\t\t\t<ul><li>Galicia \u00e9 unha das comunidades aut\u00f3nomas con m\u00e1is casos rexistrados de EM en Espa\u00f1a. Calc\u00falase que hai diagnosticadas <strong>unhas 4.500 persoas<\/strong>, o que sup\u00f3n un <strong>6,6% das persoas diagnosticadas en Espa\u00f1a<\/strong>, cando a poboaci\u00f3n total galega representa o 5,5% da poboaci\u00f3n espa\u00f1ola. \u00c9 dicir, a prevalencia \u00e9 duns 166,3 casos por cada 100.000 habitantes.<\/li><li>A <strong>Unidade de EM do CHUS<\/strong> (Complexo Hospitalario Universitario de Santiago) diagnostica a unhas <strong>30 novas persoas cada ano<\/strong>, con m\u00e1is de 2.300 consultas e o seguimento dunhas 1.000 persoas.<\/li><li>Non hai estudos recentes exactos sobre a EM en Galicia, pero p\u00f3dese dicir que a <strong>EMRR \u00e9 o tipo m\u00e1is frecuente<\/strong>. Ademais, 2 de cada 3 persoas diagnosticadas son <strong>mulleres<\/strong> e a idade de diagn\u00f3stico sit\u00faase entre os <strong>30 e os 40 anos<\/strong>.\u00a0<\/li><\/ul>\t\t\t\t\t\t\t\t<\/div>\n\t\t\t\t<\/div>\n\t\t<div class=\"elementor-element elementor-element-888a1df e-flex e-con-boxed e-con e-child\" data-id=\"888a1df\" data-element_type=\"container\">\n\t\t\t\t\t<div class=\"e-con-inner\">\n\t\t<div class=\"elementor-element elementor-element-b6b9688 e-grid e-con-boxed e-con e-child\" data-id=\"b6b9688\" data-element_type=\"container\">\n\t\t\t\t\t<div class=\"e-con-inner\">\n\t\t\t\t<div class=\"elementor-element elementor-element-462de97 elementor-widget elementor-widget-heading\" data-id=\"462de97\" data-element_type=\"widget\" data-widget_type=\"heading.default\">\n\t\t\t\t<div class=\"elementor-widget-container\">\n\t\t\t\t\t<h1 class=\"elementor-heading-title elementor-size-default\">4.500 persoas diagnosticadas<\/h1>\t\t\t\t<\/div>\n\t\t\t\t<\/div>\n\t\t\t\t<div class=\"elementor-element elementor-element-572410c elementor-widget elementor-widget-html\" data-id=\"572410c\" data-element_type=\"widget\" data-widget_type=\"html.default\">\n\t\t\t\t<div class=\"elementor-widget-container\">\n\t\t\t\t\t<div id=\"figuras\" style=\"display: flex; gap: 40px; justify-content: center; align-items: center; margin-top: 40px;\">\r\n  <!-- Mujer 1 -->\r\n  <svg class=\"figura\" data-label=\"Mulleres\" xmlns=\"http:\/\/www.w3.org\/2000\/svg\" width=\"80\" height=\"160\" fill=\"#e1434d\" viewBox=\"0 0 64 128\">\r\n    <circle cx=\"32\" cy=\"12\" r=\"8\"><\/circle>\r\n    <rect x=\"26\" y=\"20\" width=\"12\" height=\"30\" rx=\"6\"><\/rect>\r\n    <rect x=\"20\" y=\"50\" width=\"6\" height=\"50\" rx=\"3\"><\/rect>\r\n    <rect x=\"38\" y=\"50\" width=\"6\" height=\"50\" rx=\"3\"><\/rect>\r\n  <\/svg>\r\n \r\n\r\n  <!-- Mujer 2 -->\r\n  <svg class=\"figura\" data-label=\"Mulleres\" xmlns=\"http:\/\/www.w3.org\/2000\/svg\" width=\"80\" height=\"160\" fill=\"#e1434d\" viewBox=\"0 0 64 128\">\r\n    <circle cx=\"32\" cy=\"12\" r=\"8\"><\/circle>\r\n    <rect x=\"26\" y=\"20\" width=\"12\" height=\"30\" rx=\"6\"><\/rect>\r\n    <rect x=\"20\" y=\"50\" width=\"6\" height=\"50\" rx=\"3\"><\/rect>\r\n    <rect x=\"38\" y=\"50\" width=\"6\" height=\"50\" rx=\"3\"><\/rect>\r\n  <\/svg>\r\n\r\n\r\n  <!-- Hombre -->\r\n  <svg class=\"figura\" data-label=\"Homes\" xmlns=\"http:\/\/www.w3.org\/2000\/svg\" width=\"80\" height=\"160\" fill=\"#354663\" viewBox=\"0 0 64 128\">\r\n    <circle cx=\"32\" cy=\"12\" r=\"8\"><\/circle>\r\n    <rect x=\"26\" y=\"20\" width=\"12\" height=\"30\" rx=\"6\"><\/rect>\r\n    <rect x=\"20\" y=\"50\" width=\"6\" height=\"50\" rx=\"3\"><\/rect>\r\n    <rect x=\"38\" y=\"50\" width=\"6\" height=\"50\" rx=\"3\"><\/rect>\r\n  <\/svg>\r\n<\/div>\r\n\r\n<div id=\"tooltip\" \r\nstyle=\"margin-top:10px; color: #354663; font-size:16px; font-weight:bold; display:none;\"><\/div>\r\n<\/div>\r\n\r\n<style>\r\n.mulleres svg circle,\r\n.mulleres svg rect {\r\n  fill: #e1434d;\r\n}\r\n\r\n.homes svg circle,\r\n.homes svg rect {\r\n  fill: #354663;\r\n}\r\n\r\n.figura {\r\n    cursor: pointer;\r\n}\r\n<\/style>\r\n\r\n<script>\r\nconst figuras = document.querySelectorAll('.figura');\r\nconst tooltip = document.getElementById('tooltip');\r\n\r\nfiguras.forEach(figura => {\r\n  figura.addEventListener('mouseenter', () => {\r\n    const label = figura.dataset.label;\r\n    tooltip.innerText = label;\r\n    tooltip.style.display = 'block';\r\n\r\n    figuras.forEach(f => {\r\n      if (f.dataset.label !== label) {\r\n        f.querySelectorAll('circle, rect').forEach(shape => shape.style.opacity = '0.3');\r\n      } else {\r\n        f.querySelectorAll('circle, rect').forEach(shape => shape.style.opacity = '1');\r\n      }\r\n    });\r\n  });\r\n\r\n  figura.addEventListener('mouseleave', () => {\r\n    tooltip.style.display = 'none';\r\n    figuras.forEach(f => {\r\n      f.querySelectorAll('circle, rect').forEach(shape => shape.style.opacity = '1');\r\n    });\r\n  });\r\n});\r\n<\/script>\t\t\t\t<\/div>\n\t\t\t\t<\/div>\n\t\t\t\t\t<\/div>\n\t\t\t\t<\/div>\n\t\t\t\t\t<\/div>\n\t\t\t\t<\/div>\n\t\t<div class=\"elementor-element elementor-element-b715422 e-flex e-con-boxed e-con e-child\" data-id=\"b715422\" data-element_type=\"container\">\n\t\t\t\t\t<div class=\"e-con-inner\">\n\t\t<div class=\"elementor-element elementor-element-592dab8 e-grid e-con-boxed e-con e-child\" data-id=\"592dab8\" data-element_type=\"container\">\n\t\t\t\t\t<div class=\"e-con-inner\">\n\t\t\t\t<div class=\"elementor-element elementor-element-6174836 elementor-widget elementor-widget-heading\" data-id=\"6174836\" data-element_type=\"widget\" data-widget_type=\"heading.default\">\n\t\t\t\t<div class=\"elementor-widget-container\">\n\t\t\t\t\t<h2 class=\"elementor-heading-title elementor-size-default\">O 6,6% das persoas diagnosticadas en Espa\u00f1a est\u00e1n en Galicia<\/h2>\t\t\t\t<\/div>\n\t\t\t\t<\/div>\n\t\t\t\t<div class=\"elementor-element elementor-element-ab09ffe elementor-widget elementor-widget-heading\" data-id=\"ab09ffe\" data-element_type=\"widget\" data-widget_type=\"heading.default\">\n\t\t\t\t<div class=\"elementor-widget-container\">\n\t\t\t\t\t<h2 class=\"elementor-heading-title elementor-size-default\">2 de cada 3 persoas diagnosticadas son mulleres<\/h2>\t\t\t\t<\/div>\n\t\t\t\t<\/div>\n\t\t\t\t\t<\/div>\n\t\t\t\t<\/div>\n\t\t\t\t\t<\/div>\n\t\t\t\t<\/div>\n\t\t\t\t\t<\/div>\n\t\t\t\t<\/div>\n\t\t\t\t<div class=\"elementor-element elementor-element-874df74 elementor-widget elementor-widget-heading\" data-id=\"874df74\" data-element_type=\"widget\" data-widget_type=\"heading.default\">\n\t\t\t\t<div class=\"elementor-widget-container\">\n\t\t\t\t\t<h4 class=\"elementor-heading-title elementor-size-default\">Variaci\u00f3ns xeogr\u00e1ficas<\/h4>\t\t\t\t<\/div>\n\t\t\t\t<\/div>\n\t\t\t\t<div class=\"elementor-element elementor-element-e2b4fa7 elementor-widget elementor-widget-text-editor\" data-id=\"e2b4fa7\" data-element_type=\"widget\" data-widget_type=\"text-editor.default\">\n\t\t\t\t<div class=\"elementor-widget-container\">\n\t\t\t\t\t\t\t\t\t<p>Non hai un rexistro p\u00fablico espec\u00edfico con datos concretos sobre os casos de EM diagnosticados en Galicia. Non obstante, as zonas con maior prevalencia son:<\/p><ul><li><strong>Ourense<\/strong>: 184,1 casos por cada 100.000 habitantes (a m\u00e1is alta co\u00f1ecida na Pen\u00ednsula Ib\u00e9rica). A \u00c1rea Sanitaria de Ourense, Ver\u00edn e O Barco atende aproximadamente a <strong>550 persoas con EM<\/strong>, das cales o 66% son mulleres.<\/li><li><strong>Ferrol<\/strong>: 109 casos por cada 100.000 habitantes (unha das m\u00e1is altas da Pen\u00ednsula).\u00a0<\/li><li><strong>Santiago de Compostela<\/strong>: 79 casos por cada 100.000 habitantes.\u00a0<\/li><\/ul>\t\t\t\t\t\t\t\t<\/div>\n\t\t\t\t<\/div>\n\t\t\t\t\t<\/div>\n\t\t\t\t<\/div>\n\t\t\t\t\t<\/div>\n\t\t<\/div>\n\t\t\t\t\t\t<\/div>\n\t\t\t\t<\/div>\n\t\t\t\t<div class=\"elementor-element elementor-element-ed03859 elementor-widget elementor-widget-heading\" data-id=\"ed03859\" data-element_type=\"widget\" data-widget_type=\"heading.default\">\n\t\t\t\t<div class=\"elementor-widget-container\">\n\t\t\t\t\t<h4 class=\"elementor-heading-title elementor-size-default\">T\u00e1boa de datos<\/h4>\t\t\t\t<\/div>\n\t\t\t\t<\/div>\n\t\t\t\t<div class=\"elementor-element elementor-element-3597b3b elementor-widget elementor-widget-html\" data-id=\"3597b3b\" data-element_type=\"widget\" data-widget_type=\"html.default\">\n\t\t\t\t<div class=\"elementor-widget-container\">\n\t\t\t\t\t<style>\r\n\/* Estilos xerais da t\u00e1boa *\/\r\n.tabla-em {\r\n  font-family: 'Roboto', sans-serif;\r\n  font-size: 14px;\r\n  border-collapse: collapse;\r\n  width: 100%;\r\n  text-align: center;\r\n  min-width: 600px; \/* para forzar scroll en m\u00f3viles si hace falta *\/\r\n}\r\n\r\n\/* Cabeceira *\/\r\n.tabla-em thead th {\r\n  background-color: #2a4e69;\r\n  color: white;\r\n  font-weight: bold;\r\n  padding: 12px 10px;\r\n}\r\n\r\n\/* Filas alternas *\/\r\n.tabla-em tbody tr:nth-child(odd) {\r\n  background-color: #ffffff;\r\n}\r\n\r\n.tabla-em tbody tr:nth-child(even) {\r\n  background-color: #c5d0e2;\r\n}\r\n\r\n\/* Espazo vertical en celdas *\/\r\n.tabla-em td {\r\n  padding: 12px 10px;\r\n}\r\n\r\n\/* Hover *\/\r\n.tabla-em tbody tr:hover {\r\n  \/* La fila hover se mantiene igual *\/\r\n}\r\n\r\n.tabla-em tbody:hover tr {\r\n  opacity: 0.5;\r\n}\r\n\r\n.tabla-em tbody tr:hover {\r\n  opacity: 1;\r\n}\r\n\r\n\/* Contenedor responsivo con scroll *\/\r\n.tabla-container {\r\n  width: 100%;\r\n  overflow-x: auto;\r\n}\r\n<\/style>\r\n\r\n<div class=\"tabla-container\">\r\n  <table class=\"tabla-em\">\r\n    <thead>\r\n      <tr>\r\n        <th>\u00c1mbito<\/th>\r\n        <th>Prevalencia<\/th>\r\n        <th>Persoas diagnosticadas<\/th>\r\n        <th>Idade media<\/th>\r\n        <th>Observaci\u00f3ns<\/th>\r\n      <\/tr>\r\n    <\/thead>\r\n    <tbody>\r\n      <tr style=\"background-color:#f2f2f2;\">\r\n        <td>Mundo<\/td>\r\n        <td>36\/100.000<\/td>\r\n        <td>2,9 mill\u00f3ns<\/td>\r\n        <td>30 anos<\/td>\r\n        <td>80% EMRR, 10% EMSP, 10% EMPP<\/td>\r\n      <\/tr>\r\n      <tr>\r\n        <td>Europa<\/td>\r\n        <td>143\/100.000<\/td>\r\n        <td>1,2 mill\u00f3ns<\/td>\r\n        <td>30-35 anos<\/td>\r\n        <td>80% EMRR, 10% EMSP, 10% EMPP<\/td>\r\n      <\/tr>\r\n      <tr style=\"background-color:#f2f2f2;\">\r\n        <td>Espa\u00f1a<\/td>\r\n        <td>130\/100.000<\/td>\r\n        <td>68.000<\/td>\r\n        <td>32 anos<\/td>\r\n        <td>85% EMRR, Norte con m\u00e1is casos<\/td>\r\n      <\/tr>\r\n      <tr>\r\n        <td>Galicia<\/td>\r\n        <td>166,3\/100.000<\/td>\r\n        <td>4.500<\/td>\r\n        <td>30-40 anos<\/td>\r\n        <td>EMRR m\u00e1is frecuente, 2\/3 mulleres<\/td>\r\n      <\/tr>\r\n    <\/tbody>\r\n  <\/table>\r\n<\/div>\t\t\t\t<\/div>\n\t\t\t\t<\/div>\n\t\t\t\t<div class=\"elementor-element elementor-element-1548f86 elementor-widget elementor-widget-spacer\" data-id=\"1548f86\" data-element_type=\"widget\" data-widget_type=\"spacer.default\">\n\t\t\t\t<div class=\"elementor-widget-container\">\n\t\t\t\t\t\t\t<div class=\"elementor-spacer\">\n\t\t\t<div class=\"elementor-spacer-inner\"><\/div>\n\t\t<\/div>\n\t\t\t\t\t\t<\/div>\n\t\t\t\t<\/div>\n\t\t\t\t\t<\/div>\n\t\t\t\t<\/div>\n\t\t\t\t<\/div>\n\t\t","protected":false},"excerpt":{"rendered":"<p>EM en cifras Aportamos algunhas cifras importantes relacionadas coa Esclerose M\u00faltiple en Galicia, en Espa\u00f1a, en Europa e no mundo. Datos xerais Nivel mundial Nivel europeo Nivel espa\u00f1ol Nivel galego A EM \u00e9 unha enfermidade neuroinflamatoria cr\u00f3nica e desmielinizante que constit\u00fae unha das principais causas de discapacidade en persoas adultas e novas. Non \u00e9 unha&hellip; <a class=\"continue\" href=\"https:\/\/esclerosismultiplegalicia.org\/index.php\/em-en-cifras\/\">Ler m\u00e1is sobre<span> EM en cifras<\/span><\/a><\/p>\n","protected":false},"author":1,"featured_media":0,"parent":0,"menu_order":0,"comment_status":"closed","ping_status":"closed","template":"","meta":{"_kad_post_transparent":"","_kad_post_title":"hide","_kad_post_layout":"fullwidth","_kad_post_sidebar_id":"","_kad_post_content_style":"unboxed","_kad_post_vertical_padding":"hide","_kad_post_feature":"hide","_kad_post_feature_position":"","_kad_post_header":false,"_kad_post_footer":false,"footnotes":""},"class_list":["post-1777","page","type-page","status-publish","hentry"],"yoast_head":"<!-- This site is optimized with the Yoast SEO plugin v26.1.1 - https:\/\/yoast.com\/wordpress\/plugins\/seo\/ -->\n<title>EM en cifras - FEGADEM<\/title>\n<meta name=\"description\" content=\"EM en cifras \u00e9 esa p\u00e1xina na que podes obter datos cuantificables sobre a EM en Galicia, en Espa\u00f1a, en Europa e no mundo.\" \/>\n<meta name=\"robots\" content=\"index, follow, max-snippet:-1, max-image-preview:large, max-video-preview:-1\" \/>\n<link rel=\"canonical\" href=\"https:\/\/esclerosismultiplegalicia.org\/index.php\/em-en-cifras\/\" \/>\n<meta property=\"og:locale\" content=\"gl_ES\" \/>\n<meta property=\"og:type\" content=\"article\" \/>\n<meta property=\"og:title\" content=\"EM en cifras - FEGADEM\" \/>\n<meta property=\"og:description\" content=\"EM en cifras \u00e9 esa p\u00e1xina na que podes obter datos cuantificables sobre a EM en Galicia, en Espa\u00f1a, en Europa e no mundo.\" \/>\n<meta property=\"og:url\" content=\"https:\/\/esclerosismultiplegalicia.org\/index.php\/em-en-cifras\/\" \/>\n<meta property=\"og:site_name\" content=\"FEGADEM\" \/>\n<meta property=\"article:publisher\" content=\"https:\/\/www.facebook.com\/esclerosemultiplegal?locale=es_ES\" \/>\n<meta property=\"article:modified_time\" content=\"2025-10-14T12:38:28+00:00\" \/>\n<meta name=\"twitter:card\" content=\"summary_large_image\" \/>\n<meta name=\"twitter:site\" content=\"@fegadem\" \/>\n<meta name=\"twitter:label1\" content=\"Tempo de lectura\" \/>\n\t<meta name=\"twitter:data1\" content=\"15 minutos\" \/>\n<script type=\"application\/ld+json\" class=\"yoast-schema-graph\">{\"@context\":\"https:\/\/schema.org\",\"@graph\":[{\"@type\":\"WebPage\",\"@id\":\"https:\/\/esclerosismultiplegalicia.org\/index.php\/em-en-cifras\/\",\"url\":\"https:\/\/esclerosismultiplegalicia.org\/index.php\/em-en-cifras\/\",\"name\":\"EM en cifras - FEGADEM\",\"isPartOf\":{\"@id\":\"https:\/\/esclerosismultiplegalicia.org\/#website\"},\"datePublished\":\"2025-06-03T10:56:17+00:00\",\"dateModified\":\"2025-10-14T12:38:28+00:00\",\"description\":\"EM en cifras \u00e9 esa p\u00e1xina na que podes obter datos cuantificables sobre a EM en Galicia, en Espa\u00f1a, en Europa e no mundo.\",\"breadcrumb\":{\"@id\":\"https:\/\/esclerosismultiplegalicia.org\/index.php\/em-en-cifras\/#breadcrumb\"},\"inLanguage\":\"gl-ES\",\"potentialAction\":[{\"@type\":\"ReadAction\",\"target\":[\"https:\/\/esclerosismultiplegalicia.org\/index.php\/em-en-cifras\/\"]}]},{\"@type\":\"BreadcrumbList\",\"@id\":\"https:\/\/esclerosismultiplegalicia.org\/index.php\/em-en-cifras\/#breadcrumb\",\"itemListElement\":[{\"@type\":\"ListItem\",\"position\":1,\"name\":\"Inicio\",\"item\":\"https:\/\/esclerosismultiplegalicia.org\/\"},{\"@type\":\"ListItem\",\"position\":2,\"name\":\"EM en cifras\"}]},{\"@type\":\"WebSite\",\"@id\":\"https:\/\/esclerosismultiplegalicia.org\/#website\",\"url\":\"https:\/\/esclerosismultiplegalicia.org\/\",\"name\":\"FEGADEM\",\"description\":\"Traballamos mellorando a calidade de vida das persoas con Esclerose M\u00faltiple en Galicia.\",\"publisher\":{\"@id\":\"https:\/\/esclerosismultiplegalicia.org\/#organization\"},\"potentialAction\":[{\"@type\":\"SearchAction\",\"target\":{\"@type\":\"EntryPoint\",\"urlTemplate\":\"https:\/\/esclerosismultiplegalicia.org\/?s={search_term_string}\"},\"query-input\":{\"@type\":\"PropertyValueSpecification\",\"valueRequired\":true,\"valueName\":\"search_term_string\"}}],\"inLanguage\":\"gl-ES\"},{\"@type\":\"Organization\",\"@id\":\"https:\/\/esclerosismultiplegalicia.org\/#organization\",\"name\":\"FEGADEM (Federaci\u00f3n Galega de Esclerose M\u00faltiple)\",\"url\":\"https:\/\/esclerosismultiplegalicia.org\/\",\"logo\":{\"@type\":\"ImageObject\",\"inLanguage\":\"gl-ES\",\"@id\":\"https:\/\/esclerosismultiplegalicia.org\/#\/schema\/logo\/image\/\",\"url\":\"https:\/\/esclerosismultiplegalicia.org\/wp-content\/uploads\/2025\/05\/cropped-FEGADEM_Imagotipo-scaled-1.png\",\"contentUrl\":\"https:\/\/esclerosismultiplegalicia.org\/wp-content\/uploads\/2025\/05\/cropped-FEGADEM_Imagotipo-scaled-1.png\",\"width\":2558,\"height\":1138,\"caption\":\"FEGADEM (Federaci\u00f3n Galega de Esclerose M\u00faltiple)\"},\"image\":{\"@id\":\"https:\/\/esclerosismultiplegalicia.org\/#\/schema\/logo\/image\/\"},\"sameAs\":[\"https:\/\/www.facebook.com\/esclerosemultiplegal?locale=es_ES\",\"https:\/\/x.com\/fegadem\",\"https:\/\/www.instagram.com\/esclerosemultiplegal\/\",\"https:\/\/www.youtube.com\/@fegademfederaciongalegadee3374\"]}]}<\/script>\n<!-- \/ Yoast SEO plugin. -->","yoast_head_json":{"title":"EM en cifras - FEGADEM","description":"EM en cifras \u00e9 esa p\u00e1xina na que podes obter datos cuantificables sobre a EM en Galicia, en Espa\u00f1a, en Europa e no mundo.","robots":{"index":"index","follow":"follow","max-snippet":"max-snippet:-1","max-image-preview":"max-image-preview:large","max-video-preview":"max-video-preview:-1"},"canonical":"https:\/\/esclerosismultiplegalicia.org\/index.php\/em-en-cifras\/","og_locale":"gl_ES","og_type":"article","og_title":"EM en cifras - FEGADEM","og_description":"EM en cifras \u00e9 esa p\u00e1xina na que podes obter datos cuantificables sobre a EM en Galicia, en Espa\u00f1a, en Europa e no mundo.","og_url":"https:\/\/esclerosismultiplegalicia.org\/index.php\/em-en-cifras\/","og_site_name":"FEGADEM","article_publisher":"https:\/\/www.facebook.com\/esclerosemultiplegal?locale=es_ES","article_modified_time":"2025-10-14T12:38:28+00:00","twitter_card":"summary_large_image","twitter_site":"@fegadem","twitter_misc":{"Tempo de lectura":"15 minutos"},"schema":{"@context":"https:\/\/schema.org","@graph":[{"@type":"WebPage","@id":"https:\/\/esclerosismultiplegalicia.org\/index.php\/em-en-cifras\/","url":"https:\/\/esclerosismultiplegalicia.org\/index.php\/em-en-cifras\/","name":"EM en cifras - FEGADEM","isPartOf":{"@id":"https:\/\/esclerosismultiplegalicia.org\/#website"},"datePublished":"2025-06-03T10:56:17+00:00","dateModified":"2025-10-14T12:38:28+00:00","description":"EM en cifras \u00e9 esa p\u00e1xina na que podes obter datos cuantificables sobre a EM en Galicia, en Espa\u00f1a, en Europa e no mundo.","breadcrumb":{"@id":"https:\/\/esclerosismultiplegalicia.org\/index.php\/em-en-cifras\/#breadcrumb"},"inLanguage":"gl-ES","potentialAction":[{"@type":"ReadAction","target":["https:\/\/esclerosismultiplegalicia.org\/index.php\/em-en-cifras\/"]}]},{"@type":"BreadcrumbList","@id":"https:\/\/esclerosismultiplegalicia.org\/index.php\/em-en-cifras\/#breadcrumb","itemListElement":[{"@type":"ListItem","position":1,"name":"Inicio","item":"https:\/\/esclerosismultiplegalicia.org\/"},{"@type":"ListItem","position":2,"name":"EM en cifras"}]},{"@type":"WebSite","@id":"https:\/\/esclerosismultiplegalicia.org\/#website","url":"https:\/\/esclerosismultiplegalicia.org\/","name":"FEGADEM","description":"Traballamos mellorando a calidade de vida das persoas con Esclerose M\u00faltiple en Galicia.","publisher":{"@id":"https:\/\/esclerosismultiplegalicia.org\/#organization"},"potentialAction":[{"@type":"SearchAction","target":{"@type":"EntryPoint","urlTemplate":"https:\/\/esclerosismultiplegalicia.org\/?s={search_term_string}"},"query-input":{"@type":"PropertyValueSpecification","valueRequired":true,"valueName":"search_term_string"}}],"inLanguage":"gl-ES"},{"@type":"Organization","@id":"https:\/\/esclerosismultiplegalicia.org\/#organization","name":"FEGADEM (Federaci\u00f3n Galega de Esclerose M\u00faltiple)","url":"https:\/\/esclerosismultiplegalicia.org\/","logo":{"@type":"ImageObject","inLanguage":"gl-ES","@id":"https:\/\/esclerosismultiplegalicia.org\/#\/schema\/logo\/image\/","url":"https:\/\/esclerosismultiplegalicia.org\/wp-content\/uploads\/2025\/05\/cropped-FEGADEM_Imagotipo-scaled-1.png","contentUrl":"https:\/\/esclerosismultiplegalicia.org\/wp-content\/uploads\/2025\/05\/cropped-FEGADEM_Imagotipo-scaled-1.png","width":2558,"height":1138,"caption":"FEGADEM (Federaci\u00f3n Galega de Esclerose M\u00faltiple)"},"image":{"@id":"https:\/\/esclerosismultiplegalicia.org\/#\/schema\/logo\/image\/"},"sameAs":["https:\/\/www.facebook.com\/esclerosemultiplegal?locale=es_ES","https:\/\/x.com\/fegadem","https:\/\/www.instagram.com\/esclerosemultiplegal\/","https:\/\/www.youtube.com\/@fegademfederaciongalegadee3374"]}]}},"_links":{"self":[{"href":"https:\/\/esclerosismultiplegalicia.org\/index.php\/wp-json\/wp\/v2\/pages\/1777","targetHints":{"allow":["GET"]}}],"collection":[{"href":"https:\/\/esclerosismultiplegalicia.org\/index.php\/wp-json\/wp\/v2\/pages"}],"about":[{"href":"https:\/\/esclerosismultiplegalicia.org\/index.php\/wp-json\/wp\/v2\/types\/page"}],"author":[{"embeddable":true,"href":"https:\/\/esclerosismultiplegalicia.org\/index.php\/wp-json\/wp\/v2\/users\/1"}],"replies":[{"embeddable":true,"href":"https:\/\/esclerosismultiplegalicia.org\/index.php\/wp-json\/wp\/v2\/comments?post=1777"}],"version-history":[{"count":115,"href":"https:\/\/esclerosismultiplegalicia.org\/index.php\/wp-json\/wp\/v2\/pages\/1777\/revisions"}],"predecessor-version":[{"id":3431,"href":"https:\/\/esclerosismultiplegalicia.org\/index.php\/wp-json\/wp\/v2\/pages\/1777\/revisions\/3431"}],"wp:attachment":[{"href":"https:\/\/esclerosismultiplegalicia.org\/index.php\/wp-json\/wp\/v2\/media?parent=1777"}],"curies":[{"name":"wp","href":"https:\/\/api.w.org\/{rel}","templated":true}]}}